{"id":9059,"date":"2026-03-24T14:19:55","date_gmt":"2026-03-24T13:19:55","guid":{"rendered":"https:\/\/scruton.hu\/?post_type=product&#038;p=9059"},"modified":"2026-04-09T14:03:07","modified_gmt":"2026-04-09T12:03:07","slug":"a-vers-mindig-ugyanaz-marad-kolteszet-napi-beszelgetes-kovacs-akos-enekes-dalszerzovel","status":"publish","type":"product","link":"https:\/\/scruton.hu\/en\/termek\/a-vers-mindig-ugyanaz-marad-kolteszet-napi-beszelgetes-kovacs-akos-enekes-dalszerzovel\/","title":{"rendered":"\u201eA vers mindig ugyanaz marad&#8221; &#8211; K\u00f6lt\u00e9szet napi besz\u00e9lget\u00e9s Kov\u00e1cs \u00c1kos \u00e9nekes-dalszerz\u0151vel"},"content":{"rendered":"<p>Mit\u0151l lesz egy vers id\u0151t\u00e1ll\u00f3? Mi\u00e9rt tal\u00e1l r\u00e1nk \u00fajra \u00e9s \u00fajra ugyanaz a sor, ugyanazzal az er\u0151vel? Hogyan sz\u00fcletik meg az a pillanat, amikor a gondolatb\u00f3l dal vagy vers lesz?<\/p>\n<p>A k\u00f6lt\u00e9szet napja alkalm\u00e1b\u00f3l a <em>Kert\u00e9sz Imre Int\u00e9zettel<\/em> k\u00f6z\u00f6s, k\u00fcl\u00f6nleges, szem\u00e9lyes hangv\u00e9tel\u0171 esem\u00e9nyre h\u00edvunk, ahol <strong><em>Kov\u00e1cs \u00c1kos<\/em><\/strong> \u00e9nekes-dalszerz\u0151 \u00e9s l\u00e1nya, <em><strong>\u0150ri-Kov\u00e1cs Anna<\/strong><\/em> besz\u00e9lgetnek irodalomr\u00f3l, versr\u0151l \u00e9s az alkot\u00e1sr\u00f3l.<\/p>\n<p>Sz\u00f3 lesz a versekhez f\u0171z\u0151d\u0151 szem\u00e9lyes viszonyr\u00f3l, az irodalom id\u0151t\u00e1ll\u00f3 erej\u00e9r\u0151l, a dalsz\u00f6veg\u00edr\u00e1s \u00e9s a k\u00f6lt\u00e9szet hat\u00e1r\u00e1r\u00f3l, valamint az ihlet titokzatos term\u00e9szet\u00e9r\u0151l. Az est\u00e9n hallhatunk \u00c1kos kedvenc verseib\u0151l \u00e9s saj\u00e1t szerzem\u00e9nyeib\u0151l is.<\/p>\n<p><strong>Id\u0151pont:<\/strong> 2026. \u00e1prilis 9. (cs\u00fct\u00f6rt\u00f6k) 18:00<br \/>\n<strong>Helysz\u00edn:<\/strong> 1053 Budapest, Veres P\u00e1ln\u00e9 utca 12. \u2013 <em>Scruton V.P.<\/em><\/p>\n<p><em>A rendezv\u00e9ny ingyenes, de a korl\u00e1tozott l\u00e9tsz\u00e1mra val\u00f3 tekintettel, el\u0151zetesen regisztr\u00e1lni kell.<\/em><br \/>\n<em>Vend\u00e9geinket k\u00e9rj\u00fck, hogy a programkezd\u00e9s el\u0151tt legk\u00e9s\u0151bb 10-15 perccel \u00e9rkezzenek meg. A helyek elfoglal\u00e1sa \u00e9rkez\u00e9si sorrendben t\u00f6rt\u00e9nik.<\/em><br \/>\n<em>Rendezv\u00e9ny\u00fcnk\u00f6n k\u00e9p \u00e9s hangfelv\u00e9tel k\u00e9sz\u00fclhet, melyet rekl\u00e1m- \u00e9s dokument\u00e1ci\u00f3s c\u00e9lra is felhaszn\u00e1lhatunk.<\/em><br \/>\n<em>A felmer\u00fcl\u0151 k\u00e9rd\u00e9sekkel kapcsolatban, illetve ha esetleg m\u00e9gsem tud r\u00e9szt venni az esem\u00e9nyen, k\u00e9rj\u00fck, \u00edrjon a <a href=\"mailto:program@scruton.hu\">program@scruton.hu<\/a> e-mail c\u00edmre!<\/em><\/p>","protected":false},"excerpt":{"rendered":"<p>Mit\u0151l lesz egy vers id\u0151t\u00e1ll\u00f3? Mi\u00e9rt tal\u00e1l r\u00e1nk \u00fajra \u00e9s \u00fajra ugyanaz a sor, ugyanazzal az er\u0151vel? Hogyan sz\u00fcletik meg az a pillanat, amikor a gondolatb\u00f3l dal vagy vers lesz? A k\u00f6lt\u00e9szet napja alkalm\u00e1b\u00f3l a Kert\u00e9sz Imre Int\u00e9zettel k\u00f6z\u00f6s, k\u00fcl\u00f6nleges, szem\u00e9lyes hangv\u00e9tel\u0171 esem\u00e9nyre h\u00edvunk, ahol Kov\u00e1cs \u00c1kos \u00e9nekes-dalszerz\u0151 \u00e9s l\u00e1nya, \u0150ri-Kov\u00e1cs Anna besz\u00e9lgetnek irodalomr\u00f3l, versr\u0151l [&hellip;]<\/p>\n","protected":false},"featured_media":9061,"comment_status":"open","ping_status":"closed","template":"","meta":{"_acf_changed":false},"product_brand":[],"product_cat":[94,95],"product_tag":[],"class_list":{"0":"post-9059","1":"product","2":"type-product","3":"status-publish","4":"has-post-thumbnail","6":"product_cat-esemeny","7":"product_cat-scruton-v-p","9":"first","10":"outofstock","11":"downloadable","12":"virtual","13":"product-type-simple"},"acf":[],"yoast_head":"<!-- This site is optimized with the Yoast SEO Premium plugin v27.4 (Yoast SEO v27.4) - https:\/\/yoast.com\/product\/yoast-seo-premium-wordpress\/ -->\n<title>\u201eA vers mindig ugyanaz marad&quot; - K\u00f6lt\u00e9szet napi besz\u00e9lget\u00e9s Kov\u00e1cs \u00c1kos \u00e9nekes-dalszerz\u0151vel - Scruton<\/title>\n<meta name=\"robots\" content=\"index, follow, max-snippet:-1, max-image-preview:large, max-video-preview:-1\" \/>\n<link rel=\"canonical\" href=\"https:\/\/scruton.hu\/en\/product\/a-vers-mindig-ugyanaz-marad-kolteszet-napi-beszelgetes-kovacs-akos-enekes-dalszerzovel\/\" \/>\n<meta property=\"og:locale\" content=\"en_GB\" \/>\n<meta property=\"og:type\" content=\"article\" \/>\n<meta property=\"og:title\" content=\"\u201eA vers mindig ugyanaz marad&quot; - K\u00f6lt\u00e9szet napi besz\u00e9lget\u00e9s Kov\u00e1cs \u00c1kos \u00e9nekes-dalszerz\u0151vel\" \/>\n<meta property=\"og:description\" content=\"Mit\u0151l lesz egy vers id\u0151t\u00e1ll\u00f3? Mi\u00e9rt tal\u00e1l r\u00e1nk \u00fajra \u00e9s \u00fajra ugyanaz a sor, ugyanazzal az er\u0151vel? Hogyan sz\u00fcletik meg az a pillanat, amikor a gondolatb\u00f3l dal vagy vers lesz? A k\u00f6lt\u00e9szet napja alkalm\u00e1b\u00f3l a Kert\u00e9sz Imre Int\u00e9zettel k\u00f6z\u00f6s, k\u00fcl\u00f6nleges, szem\u00e9lyes hangv\u00e9tel\u0171 esem\u00e9nyre h\u00edvunk, ahol Kov\u00e1cs \u00c1kos \u00e9nekes-dalszerz\u0151 \u00e9s l\u00e1nya, \u0150ri-Kov\u00e1cs Anna besz\u00e9lgetnek irodalomr\u00f3l, versr\u0151l [&hellip;]\" \/>\n<meta property=\"og:url\" content=\"https:\/\/scruton.hu\/en\/product\/a-vers-mindig-ugyanaz-marad-kolteszet-napi-beszelgetes-kovacs-akos-enekes-dalszerzovel\/\" \/>\n<meta property=\"og:site_name\" content=\"Scruton\" \/>\n<meta property=\"article:modified_time\" content=\"2026-04-09T12:03:07+00:00\" \/>\n<meta property=\"og:image\" content=\"http:\/\/scruton.hu\/wp-content\/uploads\/2026\/03\/04.09.-fo-A-vers-mindig-ugyanaz-marad-1.jpg\" \/>\n\t<meta property=\"og:image:width\" content=\"1920\" \/>\n\t<meta property=\"og:image:height\" content=\"1080\" \/>\n\t<meta property=\"og:image:type\" content=\"image\/jpeg\" \/>\n<meta name=\"twitter:card\" content=\"summary_large_image\" \/>\n<meta name=\"twitter:label1\" content=\"Price\" \/>\n\t<meta name=\"twitter:data1\" content=\"0&nbsp;&#070;&#116;\" \/>\n\t<meta name=\"twitter:label2\" content=\"Availability\" \/>\n\t<meta name=\"twitter:data2\" content=\"Out of stock\" \/>\n<script type=\"application\/ld+json\" class=\"yoast-schema-graph\">{\"@context\":\"https:\\\/\\\/schema.org\",\"@graph\":[{\"@type\":\"WebPage\",\"@id\":\"https:\\\/\\\/scruton.hu\\\/termek\\\/a-vers-mindig-ugyanaz-marad-kolteszet-napi-beszelgetes-kovacs-akos-enekes-dalszerzovel\\\/\",\"url\":\"https:\\\/\\\/scruton.hu\\\/termek\\\/a-vers-mindig-ugyanaz-marad-kolteszet-napi-beszelgetes-kovacs-akos-enekes-dalszerzovel\\\/\",\"name\":\"\u201eA vers mindig ugyanaz marad\\\" - K\u00f6lt\u00e9szet napi besz\u00e9lget\u00e9s Kov\u00e1cs \u00c1kos \u00e9nekes-dalszerz\u0151vel - Scruton\",\"isPartOf\":{\"@id\":\"https:\\\/\\\/scruton.hu\\\/#website\"},\"primaryImageOfPage\":{\"@id\":\"https:\\\/\\\/scruton.hu\\\/termek\\\/a-vers-mindig-ugyanaz-marad-kolteszet-napi-beszelgetes-kovacs-akos-enekes-dalszerzovel\\\/#primaryimage\"},\"image\":{\"@id\":\"https:\\\/\\\/scruton.hu\\\/termek\\\/a-vers-mindig-ugyanaz-marad-kolteszet-napi-beszelgetes-kovacs-akos-enekes-dalszerzovel\\\/#primaryimage\"},\"thumbnailUrl\":\"https:\\\/\\\/scruton.hu\\\/wp-content\\\/uploads\\\/2026\\\/03\\\/04.09.-fo-A-vers-mindig-ugyanaz-marad-1.jpg\",\"datePublished\":\"2026-03-24T13:19:55+00:00\",\"dateModified\":\"2026-04-09T12:03:07+00:00\",\"breadcrumb\":{\"@id\":\"https:\\\/\\\/scruton.hu\\\/termek\\\/a-vers-mindig-ugyanaz-marad-kolteszet-napi-beszelgetes-kovacs-akos-enekes-dalszerzovel\\\/#breadcrumb\"},\"inLanguage\":\"en-GB\",\"potentialAction\":[{\"@type\":\"ReadAction\",\"target\":[\"https:\\\/\\\/scruton.hu\\\/termek\\\/a-vers-mindig-ugyanaz-marad-kolteszet-napi-beszelgetes-kovacs-akos-enekes-dalszerzovel\\\/\"]}]},{\"@type\":\"ImageObject\",\"inLanguage\":\"en-GB\",\"@id\":\"https:\\\/\\\/scruton.hu\\\/termek\\\/a-vers-mindig-ugyanaz-marad-kolteszet-napi-beszelgetes-kovacs-akos-enekes-dalszerzovel\\\/#primaryimage\",\"url\":\"https:\\\/\\\/scruton.hu\\\/wp-content\\\/uploads\\\/2026\\\/03\\\/04.09.-fo-A-vers-mindig-ugyanaz-marad-1.jpg\",\"contentUrl\":\"https:\\\/\\\/scruton.hu\\\/wp-content\\\/uploads\\\/2026\\\/03\\\/04.09.-fo-A-vers-mindig-ugyanaz-marad-1.jpg\",\"width\":1920,\"height\":1080},{\"@type\":\"BreadcrumbList\",\"@id\":\"https:\\\/\\\/scruton.hu\\\/termek\\\/a-vers-mindig-ugyanaz-marad-kolteszet-napi-beszelgetes-kovacs-akos-enekes-dalszerzovel\\\/#breadcrumb\",\"itemListElement\":[{\"@type\":\"ListItem\",\"position\":1,\"name\":\"Kezd\u0151lap\",\"item\":\"https:\\\/\\\/scruton.hu\\\/\"},{\"@type\":\"ListItem\",\"position\":2,\"name\":\"Shop\",\"item\":\"https:\\\/\\\/scruton.hu\\\/en\\\/uzlet\\\/\"},{\"@type\":\"ListItem\",\"position\":3,\"name\":\"\u201eA vers mindig ugyanaz marad&#8221; &#8211; K\u00f6lt\u00e9szet napi besz\u00e9lget\u00e9s Kov\u00e1cs \u00c1kos \u00e9nekes-dalszerz\u0151vel\"}]},{\"@type\":\"WebSite\",\"@id\":\"https:\\\/\\\/scruton.hu\\\/#website\",\"url\":\"https:\\\/\\\/scruton.hu\\\/\",\"name\":\"Scruton\",\"description\":\"Az \u00e9rt\u00e9kteremt\u00e9s helye\",\"publisher\":{\"@id\":\"https:\\\/\\\/scruton.hu\\\/#organization\"},\"potentialAction\":[{\"@type\":\"SearchAction\",\"target\":{\"@type\":\"EntryPoint\",\"urlTemplate\":\"https:\\\/\\\/scruton.hu\\\/?s={search_term_string}\"},\"query-input\":{\"@type\":\"PropertyValueSpecification\",\"valueRequired\":true,\"valueName\":\"search_term_string\"}}],\"inLanguage\":\"en-GB\"},{\"@type\":\"Organization\",\"@id\":\"https:\\\/\\\/scruton.hu\\\/#organization\",\"name\":\"Scruton\",\"url\":\"https:\\\/\\\/scruton.hu\\\/\",\"logo\":{\"@type\":\"ImageObject\",\"inLanguage\":\"en-GB\",\"@id\":\"https:\\\/\\\/scruton.hu\\\/#\\\/schema\\\/logo\\\/image\\\/\",\"url\":\"https:\\\/\\\/scruton.hu\\\/wp-content\\\/uploads\\\/2025\\\/07\\\/scruton_feher.png\",\"contentUrl\":\"https:\\\/\\\/scruton.hu\\\/wp-content\\\/uploads\\\/2025\\\/07\\\/scruton_feher.png\",\"width\":500,\"height\":74,\"caption\":\"Scruton\"},\"image\":{\"@id\":\"https:\\\/\\\/scruton.hu\\\/#\\\/schema\\\/logo\\\/image\\\/\"}}]}<\/script>\n<meta property=\"product:price:amount\" content=\"0\" \/>\n<meta property=\"product:price:currency\" content=\"HUF\" \/>\n<meta property=\"og:availability\" content=\"out of stock\" \/>\n<meta property=\"product:availability\" content=\"out of stock\" \/>\n<meta property=\"product:condition\" content=\"new\" \/>\n<!-- \/ Yoast SEO Premium plugin. -->","yoast_head_json":{"title":"\u201eA vers mindig ugyanaz marad\" - K\u00f6lt\u00e9szet napi besz\u00e9lget\u00e9s Kov\u00e1cs \u00c1kos \u00e9nekes-dalszerz\u0151vel - Scruton","robots":{"index":"index","follow":"follow","max-snippet":"max-snippet:-1","max-image-preview":"max-image-preview:large","max-video-preview":"max-video-preview:-1"},"canonical":"https:\/\/scruton.hu\/en\/product\/a-vers-mindig-ugyanaz-marad-kolteszet-napi-beszelgetes-kovacs-akos-enekes-dalszerzovel\/","og_locale":"en_GB","og_type":"article","og_title":"\u201eA vers mindig ugyanaz marad\" - K\u00f6lt\u00e9szet napi besz\u00e9lget\u00e9s Kov\u00e1cs \u00c1kos \u00e9nekes-dalszerz\u0151vel","og_description":"Mit\u0151l lesz egy vers id\u0151t\u00e1ll\u00f3? Mi\u00e9rt tal\u00e1l r\u00e1nk \u00fajra \u00e9s \u00fajra ugyanaz a sor, ugyanazzal az er\u0151vel? Hogyan sz\u00fcletik meg az a pillanat, amikor a gondolatb\u00f3l dal vagy vers lesz? A k\u00f6lt\u00e9szet napja alkalm\u00e1b\u00f3l a Kert\u00e9sz Imre Int\u00e9zettel k\u00f6z\u00f6s, k\u00fcl\u00f6nleges, szem\u00e9lyes hangv\u00e9tel\u0171 esem\u00e9nyre h\u00edvunk, ahol Kov\u00e1cs \u00c1kos \u00e9nekes-dalszerz\u0151 \u00e9s l\u00e1nya, \u0150ri-Kov\u00e1cs Anna besz\u00e9lgetnek irodalomr\u00f3l, versr\u0151l [&hellip;]","og_url":"https:\/\/scruton.hu\/en\/product\/a-vers-mindig-ugyanaz-marad-kolteszet-napi-beszelgetes-kovacs-akos-enekes-dalszerzovel\/","og_site_name":"Scruton","article_modified_time":"2026-04-09T12:03:07+00:00","og_image":[{"width":1920,"height":1080,"url":"http:\/\/scruton.hu\/wp-content\/uploads\/2026\/03\/04.09.-fo-A-vers-mindig-ugyanaz-marad-1.jpg","type":"image\/jpeg"}],"twitter_card":"summary_large_image","twitter_misc":{"Price":"0&nbsp;&#70;&#116;","Availability":"Out of stock"},"schema":{"@context":"https:\/\/schema.org","@graph":[{"@type":"WebPage","@id":"https:\/\/scruton.hu\/termek\/a-vers-mindig-ugyanaz-marad-kolteszet-napi-beszelgetes-kovacs-akos-enekes-dalszerzovel\/","url":"https:\/\/scruton.hu\/termek\/a-vers-mindig-ugyanaz-marad-kolteszet-napi-beszelgetes-kovacs-akos-enekes-dalszerzovel\/","name":"\u201eA vers mindig ugyanaz marad\" - K\u00f6lt\u00e9szet napi besz\u00e9lget\u00e9s Kov\u00e1cs \u00c1kos \u00e9nekes-dalszerz\u0151vel - Scruton","isPartOf":{"@id":"https:\/\/scruton.hu\/#website"},"primaryImageOfPage":{"@id":"https:\/\/scruton.hu\/termek\/a-vers-mindig-ugyanaz-marad-kolteszet-napi-beszelgetes-kovacs-akos-enekes-dalszerzovel\/#primaryimage"},"image":{"@id":"https:\/\/scruton.hu\/termek\/a-vers-mindig-ugyanaz-marad-kolteszet-napi-beszelgetes-kovacs-akos-enekes-dalszerzovel\/#primaryimage"},"thumbnailUrl":"https:\/\/scruton.hu\/wp-content\/uploads\/2026\/03\/04.09.-fo-A-vers-mindig-ugyanaz-marad-1.jpg","datePublished":"2026-03-24T13:19:55+00:00","dateModified":"2026-04-09T12:03:07+00:00","breadcrumb":{"@id":"https:\/\/scruton.hu\/termek\/a-vers-mindig-ugyanaz-marad-kolteszet-napi-beszelgetes-kovacs-akos-enekes-dalszerzovel\/#breadcrumb"},"inLanguage":"en-GB","potentialAction":[{"@type":"ReadAction","target":["https:\/\/scruton.hu\/termek\/a-vers-mindig-ugyanaz-marad-kolteszet-napi-beszelgetes-kovacs-akos-enekes-dalszerzovel\/"]}]},{"@type":"ImageObject","inLanguage":"en-GB","@id":"https:\/\/scruton.hu\/termek\/a-vers-mindig-ugyanaz-marad-kolteszet-napi-beszelgetes-kovacs-akos-enekes-dalszerzovel\/#primaryimage","url":"https:\/\/scruton.hu\/wp-content\/uploads\/2026\/03\/04.09.-fo-A-vers-mindig-ugyanaz-marad-1.jpg","contentUrl":"https:\/\/scruton.hu\/wp-content\/uploads\/2026\/03\/04.09.-fo-A-vers-mindig-ugyanaz-marad-1.jpg","width":1920,"height":1080},{"@type":"BreadcrumbList","@id":"https:\/\/scruton.hu\/termek\/a-vers-mindig-ugyanaz-marad-kolteszet-napi-beszelgetes-kovacs-akos-enekes-dalszerzovel\/#breadcrumb","itemListElement":[{"@type":"ListItem","position":1,"name":"Kezd\u0151lap","item":"https:\/\/scruton.hu\/"},{"@type":"ListItem","position":2,"name":"Shop","item":"https:\/\/scruton.hu\/en\/uzlet\/"},{"@type":"ListItem","position":3,"name":"\u201eA vers mindig ugyanaz marad&#8221; &#8211; K\u00f6lt\u00e9szet napi besz\u00e9lget\u00e9s Kov\u00e1cs \u00c1kos \u00e9nekes-dalszerz\u0151vel"}]},{"@type":"WebSite","@id":"https:\/\/scruton.hu\/#website","url":"https:\/\/scruton.hu\/","name":"Scruton","description":"The place of value creation","publisher":{"@id":"https:\/\/scruton.hu\/#organization"},"potentialAction":[{"@type":"SearchAction","target":{"@type":"EntryPoint","urlTemplate":"https:\/\/scruton.hu\/?s={search_term_string}"},"query-input":{"@type":"PropertyValueSpecification","valueRequired":true,"valueName":"search_term_string"}}],"inLanguage":"en-GB"},{"@type":"Organization","@id":"https:\/\/scruton.hu\/#organization","name":"Scruton","url":"https:\/\/scruton.hu\/","logo":{"@type":"ImageObject","inLanguage":"en-GB","@id":"https:\/\/scruton.hu\/#\/schema\/logo\/image\/","url":"https:\/\/scruton.hu\/wp-content\/uploads\/2025\/07\/scruton_feher.png","contentUrl":"https:\/\/scruton.hu\/wp-content\/uploads\/2025\/07\/scruton_feher.png","width":500,"height":74,"caption":"Scruton"},"image":{"@id":"https:\/\/scruton.hu\/#\/schema\/logo\/image\/"}}]},"product_price_currency":"HUF","og_availability":"out of stock","product_availability":"out of stock","product_condition":"new"},"_links":{"self":[{"href":"https:\/\/scruton.hu\/en\/wp-json\/wp\/v2\/product\/9059","targetHints":{"allow":["GET"]}}],"collection":[{"href":"https:\/\/scruton.hu\/en\/wp-json\/wp\/v2\/product"}],"about":[{"href":"https:\/\/scruton.hu\/en\/wp-json\/wp\/v2\/types\/product"}],"replies":[{"embeddable":true,"href":"https:\/\/scruton.hu\/en\/wp-json\/wp\/v2\/comments?post=9059"}],"wp:featuredmedia":[{"embeddable":true,"href":"https:\/\/scruton.hu\/en\/wp-json\/wp\/v2\/media\/9061"}],"wp:attachment":[{"href":"https:\/\/scruton.hu\/en\/wp-json\/wp\/v2\/media?parent=9059"}],"wp:term":[{"taxonomy":"product_brand","embeddable":true,"href":"https:\/\/scruton.hu\/en\/wp-json\/wp\/v2\/product_brand?post=9059"},{"taxonomy":"product_cat","embeddable":true,"href":"https:\/\/scruton.hu\/en\/wp-json\/wp\/v2\/product_cat?post=9059"},{"taxonomy":"product_tag","embeddable":true,"href":"https:\/\/scruton.hu\/en\/wp-json\/wp\/v2\/product_tag?post=9059"}],"curies":[{"name":"wp","href":"https:\/\/api.w.org\/{rel}","templated":true}]}}