{"id":8791,"date":"2026-03-13T12:50:45","date_gmt":"2026-03-13T11:50:45","guid":{"rendered":"https:\/\/scruton.hu\/?post_type=product&#038;p=8791"},"modified":"2026-04-08T14:02:00","modified_gmt":"2026-04-08T12:02:00","slug":"szent-istvan-intezet-titanic-vagy-noe-barkaja-a-kortars-keresztenydemokracia-aktualis-kerdeseirol","status":"publish","type":"product","link":"https:\/\/scruton.hu\/en\/termek\/szent-istvan-intezet-titanic-vagy-noe-barkaja-a-kortars-keresztenydemokracia-aktualis-kerdeseirol\/","title":{"rendered":"Szent Istv\u00e1n Int\u00e9zet: Titanic vagy No\u00e9 b\u00e1rk\u00e1ja? &#8211; A kort\u00e1rs kereszt\u00e9nydemokr\u00e1cia aktu\u00e1lis k\u00e9rd\u00e9seir\u0151l"},"content":{"rendered":"<p><em><strong>A Szent Istv\u00e1n Int\u00e9zet \u00faj tanulm\u00e1nyk\u00f6tet\u00e9nek bemutat\u00f3ja<\/strong><\/em><\/p>\n<p>Az eur\u00f3pai civiliz\u00e1ci\u00f3 a 21. sz\u00e1zad els\u0151 negyed\u00e9ben olyan struktur\u00e1lis v\u00e1ls\u00e1ggal n\u00e9z szembe, amely nem csup\u00e1n gazdas\u00e1gi vagy politikai term\u00e9szet\u0171. Ez mutatkozik meg az eur\u00f3pai kereszt\u00e9nydemokr\u00e1cia el\u0151tt \u00e1ll\u00f3 s\u00falyos kih\u00edv\u00e1sokban \u00e9s a nagy antropol\u00f3giai dilemm\u00e1kban is. A k\u00f6tet szerz\u0151inek k\u00f6z\u00f6s meggy\u0151z\u0151d\u00e9se, hogy Eur\u00f3pa \u00e9s a nyugati ember j\u00f6v\u0151je att\u00f3l f\u00fcgg, k\u00e9pesek vagyunk-e \u00fajrasz\u0151ni szakr\u00e1lis \u00e9s prof\u00e1n; hit \u00e9s \u00e9sz; k\u00f6z\u00f6ss\u00e9g \u00e9s egy\u00e9n megbomlott egys\u00e9g\u00e9t.<\/p>\n<p>K\u00f6sz\u00f6nt\u0151t mondanak:<strong><em> Dr. M\u00e1th\u00e9 Zsuzsa<\/em><\/strong>, a Szent Istv\u00e1n Int\u00e9zet igazgat\u00f3ja \u00e9s <strong><em>Hollik Istv\u00e1n<\/em><\/strong>, a Fidesz-KDNP orsz\u00e1ggy\u0171l\u00e9si k\u00e9pvisel\u0151je<\/p>\n<p>A p\u00f3diumbesz\u00e9lget\u00e9s r\u00e9sztvev\u0151i:<\/p>\n<ul>\n<li><em><strong>Dr. N\u00e1dor Kopp\u00e1ny Zsombor<\/strong><\/em> r\u00f3mai katolikus teol\u00f3gus, a Szent Istv\u00e1n Int\u00e9zet kutat\u00e1si igazgat\u00f3ja<\/li>\n<li><em><strong>Dr. Pusk\u00e1s Bal\u00e1zs<\/strong><\/em> gyermekv\u00e9delmi szakember, a Szent Istv\u00e1n Int\u00e9zet vezet\u0151 kutat\u00f3ja<\/li>\n<li><strong><em>Dr. Szilvay Gergely<\/em><\/strong> eszmet\u00f6rt\u00e9n\u00e9sz, publicista<\/li>\n<\/ul>\n<p>Moder\u00e1tor: <em><strong>Kr\u00fady Tam\u00e1s<\/strong><\/em>, a Szent Istv\u00e1n Int\u00e9zet vezet\u0151 kutat\u00f3ja, a k\u00f6tet szerkeszt\u0151je<\/p>\n<p>Az esem\u00e9ny ingyenes, de regisztr\u00e1ci\u00f3hoz k\u00f6t\u00f6tt.<\/p>\n<p><strong>Date<\/strong>: 2026. \u00e1prilis 8. (szerda) 18:00<br \/>\n<strong>Helysz\u00edn<\/strong>: 1053 Budapest, Veres P\u00e1ln\u00e9 utca 12. <em>\u2013 Scruton V.P.<\/em><\/p>\n<p><em>A rendezv\u00e9ny ingyenes, de a korl\u00e1tozott l\u00e9tsz\u00e1mra val\u00f3 tekintettel, k\u00e9rj\u00fck el\u0151zetesen regisztr\u00e1ljon!<\/em><br \/>\n<em>Vend\u00e9geinket k\u00e9rj\u00fck, hogy programkezd\u00e9s el\u0151tt legk\u00e9s\u0151bb 10-15 perccel \u00e9rkezzenek meg! A helyek elfoglal\u00e1sa \u00e9rkez\u00e9si sorrendben t\u00f6rt\u00e9nik.<\/em><br \/>\n<em>Rendezv\u00e9ny\u00fcnk\u00f6n k\u00e9p \u00e9s hangfelv\u00e9tel k\u00e9sz\u00fclhet, melyet rekl\u00e1m- \u00e9s dokument\u00e1ci\u00f3s c\u00e9lra is felhaszn\u00e1lhatunk!<\/em><br \/>\n<em>A felmer\u00fcl\u0151 k\u00e9rd\u00e9sekkel kapcsolatban, illetve ha esetleg m\u00e9gsem tud r\u00e9szt venni az esem\u00e9nyen, k\u00e9rj\u00fck \u00edrjon a <a href=\"mailto:program@scruton.hu\">program@scruton.hu<\/a> e-mail c\u00edmre!<\/em><\/p>","protected":false},"excerpt":{"rendered":"<p>A Szent Istv\u00e1n Int\u00e9zet \u00faj tanulm\u00e1nyk\u00f6tet\u00e9nek bemutat\u00f3ja Az eur\u00f3pai civiliz\u00e1ci\u00f3 a 21. sz\u00e1zad els\u0151 negyed\u00e9ben olyan struktur\u00e1lis v\u00e1ls\u00e1ggal n\u00e9z szembe, amely nem csup\u00e1n gazdas\u00e1gi vagy politikai term\u00e9szet\u0171. Ez mutatkozik meg az eur\u00f3pai kereszt\u00e9nydemokr\u00e1cia el\u0151tt \u00e1ll\u00f3 s\u00falyos kih\u00edv\u00e1sokban \u00e9s a nagy antropol\u00f3giai dilemm\u00e1kban is. A k\u00f6tet szerz\u0151inek k\u00f6z\u00f6s meggy\u0151z\u0151d\u00e9se, hogy Eur\u00f3pa \u00e9s a nyugati ember j\u00f6v\u0151je [&hellip;]<\/p>\n","protected":false},"featured_media":8792,"comment_status":"open","ping_status":"closed","template":"","meta":{"_acf_changed":false},"product_brand":[],"product_cat":[94,95],"product_tag":[],"class_list":{"0":"post-8791","1":"product","2":"type-product","3":"status-publish","4":"has-post-thumbnail","6":"product_cat-esemeny","7":"product_cat-scruton-v-p","9":"first","10":"instock","11":"downloadable","12":"virtual","13":"product-type-simple"},"acf":[],"yoast_head":"<!-- This site is optimized with the Yoast SEO Premium plugin v27.4 (Yoast SEO v27.5) - https:\/\/yoast.com\/product\/yoast-seo-premium-wordpress\/ -->\n<title>Szent Istv\u00e1n Int\u00e9zet: Titanic vagy No\u00e9 b\u00e1rk\u00e1ja? - A kort\u00e1rs kereszt\u00e9nydemokr\u00e1cia aktu\u00e1lis k\u00e9rd\u00e9seir\u0151l - Scruton<\/title>\n<meta name=\"robots\" content=\"index, follow, max-snippet:-1, max-image-preview:large, max-video-preview:-1\" \/>\n<link rel=\"canonical\" href=\"https:\/\/scruton.hu\/en\/product\/szent-istvan-intezet-titanic-vagy-noe-barkaja-a-kortars-keresztenydemokracia-aktualis-kerdeseirol\/\" \/>\n<meta property=\"og:locale\" content=\"en_GB\" \/>\n<meta property=\"og:type\" content=\"article\" \/>\n<meta property=\"og:title\" content=\"Szent Istv\u00e1n Int\u00e9zet: Titanic vagy No\u00e9 b\u00e1rk\u00e1ja? - A kort\u00e1rs kereszt\u00e9nydemokr\u00e1cia aktu\u00e1lis k\u00e9rd\u00e9seir\u0151l\" \/>\n<meta property=\"og:description\" content=\"A Szent Istv\u00e1n Int\u00e9zet \u00faj tanulm\u00e1nyk\u00f6tet\u00e9nek bemutat\u00f3ja Az eur\u00f3pai civiliz\u00e1ci\u00f3 a 21. sz\u00e1zad els\u0151 negyed\u00e9ben olyan struktur\u00e1lis v\u00e1ls\u00e1ggal n\u00e9z szembe, amely nem csup\u00e1n gazdas\u00e1gi vagy politikai term\u00e9szet\u0171. Ez mutatkozik meg az eur\u00f3pai kereszt\u00e9nydemokr\u00e1cia el\u0151tt \u00e1ll\u00f3 s\u00falyos kih\u00edv\u00e1sokban \u00e9s a nagy antropol\u00f3giai dilemm\u00e1kban is. A k\u00f6tet szerz\u0151inek k\u00f6z\u00f6s meggy\u0151z\u0151d\u00e9se, hogy Eur\u00f3pa \u00e9s a nyugati ember j\u00f6v\u0151je [&hellip;]\" \/>\n<meta property=\"og:url\" content=\"https:\/\/scruton.hu\/en\/product\/szent-istvan-intezet-titanic-vagy-noe-barkaja-a-kortars-keresztenydemokracia-aktualis-kerdeseirol\/\" \/>\n<meta property=\"og:site_name\" content=\"Scruton\" \/>\n<meta property=\"article:modified_time\" content=\"2026-04-08T12:02:00+00:00\" \/>\n<meta property=\"og:image\" content=\"http:\/\/scruton.hu\/wp-content\/uploads\/2026\/03\/IMG_5992.jpeg\" \/>\n\t<meta property=\"og:image:width\" content=\"1290\" \/>\n\t<meta property=\"og:image:height\" content=\"690\" \/>\n\t<meta property=\"og:image:type\" content=\"image\/jpeg\" \/>\n<meta name=\"twitter:card\" content=\"summary_large_image\" \/>\n<meta name=\"twitter:label1\" content=\"Price\" \/>\n\t<meta name=\"twitter:data1\" content=\"0&nbsp;&#070;&#116;\" \/>\n\t<meta name=\"twitter:label2\" content=\"Availability\" \/>\n\t<meta name=\"twitter:data2\" content=\"In stock\" \/>\n<script type=\"application\/ld+json\" class=\"yoast-schema-graph\">{\"@context\":\"https:\\\/\\\/schema.org\",\"@graph\":[{\"@type\":\"WebPage\",\"@id\":\"https:\\\/\\\/scruton.hu\\\/termek\\\/szent-istvan-intezet-titanic-vagy-noe-barkaja-a-kortars-keresztenydemokracia-aktualis-kerdeseirol\\\/\",\"url\":\"https:\\\/\\\/scruton.hu\\\/termek\\\/szent-istvan-intezet-titanic-vagy-noe-barkaja-a-kortars-keresztenydemokracia-aktualis-kerdeseirol\\\/\",\"name\":\"Szent Istv\u00e1n Int\u00e9zet: Titanic vagy No\u00e9 b\u00e1rk\u00e1ja? - A kort\u00e1rs kereszt\u00e9nydemokr\u00e1cia aktu\u00e1lis k\u00e9rd\u00e9seir\u0151l - Scruton\",\"isPartOf\":{\"@id\":\"https:\\\/\\\/scruton.hu\\\/#website\"},\"primaryImageOfPage\":{\"@id\":\"https:\\\/\\\/scruton.hu\\\/termek\\\/szent-istvan-intezet-titanic-vagy-noe-barkaja-a-kortars-keresztenydemokracia-aktualis-kerdeseirol\\\/#primaryimage\"},\"image\":{\"@id\":\"https:\\\/\\\/scruton.hu\\\/termek\\\/szent-istvan-intezet-titanic-vagy-noe-barkaja-a-kortars-keresztenydemokracia-aktualis-kerdeseirol\\\/#primaryimage\"},\"thumbnailUrl\":\"https:\\\/\\\/scruton.hu\\\/wp-content\\\/uploads\\\/2026\\\/03\\\/IMG_5992.jpeg\",\"datePublished\":\"2026-03-13T11:50:45+00:00\",\"dateModified\":\"2026-04-08T12:02:00+00:00\",\"breadcrumb\":{\"@id\":\"https:\\\/\\\/scruton.hu\\\/termek\\\/szent-istvan-intezet-titanic-vagy-noe-barkaja-a-kortars-keresztenydemokracia-aktualis-kerdeseirol\\\/#breadcrumb\"},\"inLanguage\":\"en-GB\",\"potentialAction\":[{\"@type\":\"ReadAction\",\"target\":[\"https:\\\/\\\/scruton.hu\\\/termek\\\/szent-istvan-intezet-titanic-vagy-noe-barkaja-a-kortars-keresztenydemokracia-aktualis-kerdeseirol\\\/\"]}]},{\"@type\":\"ImageObject\",\"inLanguage\":\"en-GB\",\"@id\":\"https:\\\/\\\/scruton.hu\\\/termek\\\/szent-istvan-intezet-titanic-vagy-noe-barkaja-a-kortars-keresztenydemokracia-aktualis-kerdeseirol\\\/#primaryimage\",\"url\":\"https:\\\/\\\/scruton.hu\\\/wp-content\\\/uploads\\\/2026\\\/03\\\/IMG_5992.jpeg\",\"contentUrl\":\"https:\\\/\\\/scruton.hu\\\/wp-content\\\/uploads\\\/2026\\\/03\\\/IMG_5992.jpeg\",\"width\":1290,\"height\":690,\"caption\":\"Screenshot\"},{\"@type\":\"BreadcrumbList\",\"@id\":\"https:\\\/\\\/scruton.hu\\\/termek\\\/szent-istvan-intezet-titanic-vagy-noe-barkaja-a-kortars-keresztenydemokracia-aktualis-kerdeseirol\\\/#breadcrumb\",\"itemListElement\":[{\"@type\":\"ListItem\",\"position\":1,\"name\":\"Kezd\u0151lap\",\"item\":\"https:\\\/\\\/scruton.hu\\\/\"},{\"@type\":\"ListItem\",\"position\":2,\"name\":\"Shop\",\"item\":\"https:\\\/\\\/scruton.hu\\\/en\\\/uzlet\\\/\"},{\"@type\":\"ListItem\",\"position\":3,\"name\":\"Szent Istv\u00e1n Int\u00e9zet: Titanic vagy No\u00e9 b\u00e1rk\u00e1ja? &#8211; A kort\u00e1rs kereszt\u00e9nydemokr\u00e1cia aktu\u00e1lis k\u00e9rd\u00e9seir\u0151l\"}]},{\"@type\":\"WebSite\",\"@id\":\"https:\\\/\\\/scruton.hu\\\/#website\",\"url\":\"https:\\\/\\\/scruton.hu\\\/\",\"name\":\"Scruton\",\"description\":\"Az \u00e9rt\u00e9kteremt\u00e9s helye\",\"publisher\":{\"@id\":\"https:\\\/\\\/scruton.hu\\\/#organization\"},\"potentialAction\":[{\"@type\":\"SearchAction\",\"target\":{\"@type\":\"EntryPoint\",\"urlTemplate\":\"https:\\\/\\\/scruton.hu\\\/?s={search_term_string}\"},\"query-input\":{\"@type\":\"PropertyValueSpecification\",\"valueRequired\":true,\"valueName\":\"search_term_string\"}}],\"inLanguage\":\"en-GB\"},{\"@type\":\"Organization\",\"@id\":\"https:\\\/\\\/scruton.hu\\\/#organization\",\"name\":\"Scruton\",\"url\":\"https:\\\/\\\/scruton.hu\\\/\",\"logo\":{\"@type\":\"ImageObject\",\"inLanguage\":\"en-GB\",\"@id\":\"https:\\\/\\\/scruton.hu\\\/#\\\/schema\\\/logo\\\/image\\\/\",\"url\":\"https:\\\/\\\/scruton.hu\\\/wp-content\\\/uploads\\\/2025\\\/07\\\/scruton_feher.png\",\"contentUrl\":\"https:\\\/\\\/scruton.hu\\\/wp-content\\\/uploads\\\/2025\\\/07\\\/scruton_feher.png\",\"width\":500,\"height\":74,\"caption\":\"Scruton\"},\"image\":{\"@id\":\"https:\\\/\\\/scruton.hu\\\/#\\\/schema\\\/logo\\\/image\\\/\"}}]}<\/script>\n<meta property=\"product:price:amount\" content=\"0\" \/>\n<meta property=\"product:price:currency\" content=\"HUF\" \/>\n<meta property=\"og:availability\" content=\"instock\" \/>\n<meta property=\"product:availability\" content=\"instock\" \/>\n<meta property=\"product:condition\" content=\"new\" \/>\n<!-- \/ Yoast SEO Premium plugin. -->","yoast_head_json":{"title":"Szent Istv\u00e1n Int\u00e9zet: Titanic vagy No\u00e9 b\u00e1rk\u00e1ja? - A kort\u00e1rs kereszt\u00e9nydemokr\u00e1cia aktu\u00e1lis k\u00e9rd\u00e9seir\u0151l - Scruton","robots":{"index":"index","follow":"follow","max-snippet":"max-snippet:-1","max-image-preview":"max-image-preview:large","max-video-preview":"max-video-preview:-1"},"canonical":"https:\/\/scruton.hu\/en\/product\/szent-istvan-intezet-titanic-vagy-noe-barkaja-a-kortars-keresztenydemokracia-aktualis-kerdeseirol\/","og_locale":"en_GB","og_type":"article","og_title":"Szent Istv\u00e1n Int\u00e9zet: Titanic vagy No\u00e9 b\u00e1rk\u00e1ja? - A kort\u00e1rs kereszt\u00e9nydemokr\u00e1cia aktu\u00e1lis k\u00e9rd\u00e9seir\u0151l","og_description":"A Szent Istv\u00e1n Int\u00e9zet \u00faj tanulm\u00e1nyk\u00f6tet\u00e9nek bemutat\u00f3ja Az eur\u00f3pai civiliz\u00e1ci\u00f3 a 21. sz\u00e1zad els\u0151 negyed\u00e9ben olyan struktur\u00e1lis v\u00e1ls\u00e1ggal n\u00e9z szembe, amely nem csup\u00e1n gazdas\u00e1gi vagy politikai term\u00e9szet\u0171. Ez mutatkozik meg az eur\u00f3pai kereszt\u00e9nydemokr\u00e1cia el\u0151tt \u00e1ll\u00f3 s\u00falyos kih\u00edv\u00e1sokban \u00e9s a nagy antropol\u00f3giai dilemm\u00e1kban is. A k\u00f6tet szerz\u0151inek k\u00f6z\u00f6s meggy\u0151z\u0151d\u00e9se, hogy Eur\u00f3pa \u00e9s a nyugati ember j\u00f6v\u0151je [&hellip;]","og_url":"https:\/\/scruton.hu\/en\/product\/szent-istvan-intezet-titanic-vagy-noe-barkaja-a-kortars-keresztenydemokracia-aktualis-kerdeseirol\/","og_site_name":"Scruton","article_modified_time":"2026-04-08T12:02:00+00:00","og_image":[{"width":1290,"height":690,"url":"http:\/\/scruton.hu\/wp-content\/uploads\/2026\/03\/IMG_5992.jpeg","type":"image\/jpeg"}],"twitter_card":"summary_large_image","twitter_misc":{"Price":"0&nbsp;&#70;&#116;","Availability":"In stock"},"schema":{"@context":"https:\/\/schema.org","@graph":[{"@type":"WebPage","@id":"https:\/\/scruton.hu\/termek\/szent-istvan-intezet-titanic-vagy-noe-barkaja-a-kortars-keresztenydemokracia-aktualis-kerdeseirol\/","url":"https:\/\/scruton.hu\/termek\/szent-istvan-intezet-titanic-vagy-noe-barkaja-a-kortars-keresztenydemokracia-aktualis-kerdeseirol\/","name":"Szent Istv\u00e1n Int\u00e9zet: Titanic vagy No\u00e9 b\u00e1rk\u00e1ja? - A kort\u00e1rs kereszt\u00e9nydemokr\u00e1cia aktu\u00e1lis k\u00e9rd\u00e9seir\u0151l - Scruton","isPartOf":{"@id":"https:\/\/scruton.hu\/#website"},"primaryImageOfPage":{"@id":"https:\/\/scruton.hu\/termek\/szent-istvan-intezet-titanic-vagy-noe-barkaja-a-kortars-keresztenydemokracia-aktualis-kerdeseirol\/#primaryimage"},"image":{"@id":"https:\/\/scruton.hu\/termek\/szent-istvan-intezet-titanic-vagy-noe-barkaja-a-kortars-keresztenydemokracia-aktualis-kerdeseirol\/#primaryimage"},"thumbnailUrl":"https:\/\/scruton.hu\/wp-content\/uploads\/2026\/03\/IMG_5992.jpeg","datePublished":"2026-03-13T11:50:45+00:00","dateModified":"2026-04-08T12:02:00+00:00","breadcrumb":{"@id":"https:\/\/scruton.hu\/termek\/szent-istvan-intezet-titanic-vagy-noe-barkaja-a-kortars-keresztenydemokracia-aktualis-kerdeseirol\/#breadcrumb"},"inLanguage":"en-GB","potentialAction":[{"@type":"ReadAction","target":["https:\/\/scruton.hu\/termek\/szent-istvan-intezet-titanic-vagy-noe-barkaja-a-kortars-keresztenydemokracia-aktualis-kerdeseirol\/"]}]},{"@type":"ImageObject","inLanguage":"en-GB","@id":"https:\/\/scruton.hu\/termek\/szent-istvan-intezet-titanic-vagy-noe-barkaja-a-kortars-keresztenydemokracia-aktualis-kerdeseirol\/#primaryimage","url":"https:\/\/scruton.hu\/wp-content\/uploads\/2026\/03\/IMG_5992.jpeg","contentUrl":"https:\/\/scruton.hu\/wp-content\/uploads\/2026\/03\/IMG_5992.jpeg","width":1290,"height":690,"caption":"Screenshot"},{"@type":"BreadcrumbList","@id":"https:\/\/scruton.hu\/termek\/szent-istvan-intezet-titanic-vagy-noe-barkaja-a-kortars-keresztenydemokracia-aktualis-kerdeseirol\/#breadcrumb","itemListElement":[{"@type":"ListItem","position":1,"name":"Kezd\u0151lap","item":"https:\/\/scruton.hu\/"},{"@type":"ListItem","position":2,"name":"Shop","item":"https:\/\/scruton.hu\/en\/uzlet\/"},{"@type":"ListItem","position":3,"name":"Szent Istv\u00e1n Int\u00e9zet: Titanic vagy No\u00e9 b\u00e1rk\u00e1ja? &#8211; A kort\u00e1rs kereszt\u00e9nydemokr\u00e1cia aktu\u00e1lis k\u00e9rd\u00e9seir\u0151l"}]},{"@type":"WebSite","@id":"https:\/\/scruton.hu\/#website","url":"https:\/\/scruton.hu\/","name":"Scruton","description":"The place of value creation","publisher":{"@id":"https:\/\/scruton.hu\/#organization"},"potentialAction":[{"@type":"SearchAction","target":{"@type":"EntryPoint","urlTemplate":"https:\/\/scruton.hu\/?s={search_term_string}"},"query-input":{"@type":"PropertyValueSpecification","valueRequired":true,"valueName":"search_term_string"}}],"inLanguage":"en-GB"},{"@type":"Organization","@id":"https:\/\/scruton.hu\/#organization","name":"Scruton","url":"https:\/\/scruton.hu\/","logo":{"@type":"ImageObject","inLanguage":"en-GB","@id":"https:\/\/scruton.hu\/#\/schema\/logo\/image\/","url":"https:\/\/scruton.hu\/wp-content\/uploads\/2025\/07\/scruton_feher.png","contentUrl":"https:\/\/scruton.hu\/wp-content\/uploads\/2025\/07\/scruton_feher.png","width":500,"height":74,"caption":"Scruton"},"image":{"@id":"https:\/\/scruton.hu\/#\/schema\/logo\/image\/"}}]},"product_price_currency":"HUF","og_availability":"instock","product_availability":"instock","product_condition":"new"},"_links":{"self":[{"href":"https:\/\/scruton.hu\/en\/wp-json\/wp\/v2\/product\/8791","targetHints":{"allow":["GET"]}}],"collection":[{"href":"https:\/\/scruton.hu\/en\/wp-json\/wp\/v2\/product"}],"about":[{"href":"https:\/\/scruton.hu\/en\/wp-json\/wp\/v2\/types\/product"}],"replies":[{"embeddable":true,"href":"https:\/\/scruton.hu\/en\/wp-json\/wp\/v2\/comments?post=8791"}],"wp:featuredmedia":[{"embeddable":true,"href":"https:\/\/scruton.hu\/en\/wp-json\/wp\/v2\/media\/8792"}],"wp:attachment":[{"href":"https:\/\/scruton.hu\/en\/wp-json\/wp\/v2\/media?parent=8791"}],"wp:term":[{"taxonomy":"product_brand","embeddable":true,"href":"https:\/\/scruton.hu\/en\/wp-json\/wp\/v2\/product_brand?post=8791"},{"taxonomy":"product_cat","embeddable":true,"href":"https:\/\/scruton.hu\/en\/wp-json\/wp\/v2\/product_cat?post=8791"},{"taxonomy":"product_tag","embeddable":true,"href":"https:\/\/scruton.hu\/en\/wp-json\/wp\/v2\/product_tag?post=8791"}],"curies":[{"name":"wp","href":"https:\/\/api.w.org\/{rel}","templated":true}]}}