{"id":2266,"date":"2023-11-17T08:21:53","date_gmt":"2023-11-17T07:21:53","guid":{"rendered":"https:\/\/scruton.hu\/termek\/ivan-krasztev-europa-utan\/"},"modified":"2025-09-03T14:24:06","modified_gmt":"2025-09-03T12:24:06","slug":"ivan-krasztev-europa-utan","status":"publish","type":"product","link":"https:\/\/scruton.hu\/en\/termek\/ivan-krasztev-europa-utan\/","title":{"rendered":"Ivan Krasztev &#8211; Eur\u00f3pa ut\u00e1n"},"content":{"rendered":"<p>2016-ban Ivan Krasztev bolg\u00e1r filoz\u00f3fus pap\u00edrra vetette k\u00e9telyeit Eur\u00f3pa j\u00f6v\u0151j\u00e9vel kapcsolatosan. A migr\u00e1ci\u00f3s v\u00e1ls\u00e1got \u00e9s az arra adott, megoszt\u00e1sr\u00f3l tan\u00faskod\u00f3 uni\u00f3s v\u00e1laszokat, az ennek k\u00f6vetkezt\u00e9ben feler\u0151s\u00f6d\u0151 sz\u00e9ls\u0151s\u00e9ges mozgalmakat, az akkor m\u00e9g csak k\u00f6rvonalaz\u00f3d\u00f3 brexitet, majd pedig Donald Trump megv\u00e1laszt\u00e1s\u00e1t \u00e9s \u00e1ltal\u00e1ban v\u00e9ve a populizmus feler\u0151s\u00f6d\u00e9s\u00e9t l\u00e1tva Krasztev az EU minden eddigin\u00e9l s\u00falyosabb v\u00e1ls\u00e1g\u00e1ra k\u00f6vetkeztetett, s arra, hogy a nyomaszt\u00f3 dilemm\u00e1k kett\u00e9szak\u00edtj\u00e1k az uni\u00f3t, s szembe\u00e1ll\u00edtj\u00e1k egym\u00e1ssal annak nyugati \u00e9s keleti fel\u00e9t. Legjellemz\u0151bb p\u00e9ld\u00e1ja erre a keletr\u0151l nyugatra ir\u00e1nyul\u00f3, egyoldal\u00fa n\u00e9pess\u00e9gv\u00e1ndorl\u00e1s, melynek f\u00e9ny\u00e9ben saj\u00e1tos \u00e9rtelmez\u00e9st kap az EU keleti fel\u00e9nek eur\u00f3pai j\u00f6v\u0151k\u00e9pe. Ugyanakkor Krasztev k\u00f6nyve a szerz\u0151 minden \u2013 t\u00f6rt\u00e9nelem \u00e1ltal igazolt \u2013 balsejtelme ellen\u00e9re sem pesszimista, hiszen a k\u00fcl\u00f6nf\u00e9le t\u00e9vutakat bej\u00e1rt Eur\u00f3p\u00e1nak nincs m\u00e1s lehet\u0151s\u00e9ge, mint az az \u00fat, amelyet az alap\u00edt\u00f3 aty\u00e1k megterveztek 1957-ben.<\/p>","protected":false},"excerpt":{"rendered":"<p>2016-ban Ivan Krasztev bolg\u00e1r filoz\u00f3fus pap\u00edrra vetette k\u00e9telyeit Eur\u00f3pa j\u00f6v\u0151j\u00e9vel kapcsolatosan. A migr\u00e1ci\u00f3s v\u00e1ls\u00e1got \u00e9s az arra adott, megoszt\u00e1sr\u00f3l tan\u00faskod\u00f3 uni\u00f3s v\u00e1laszokat, az ennek k\u00f6vetkezt\u00e9ben feler\u0151s\u00f6d\u0151 sz\u00e9ls\u0151s\u00e9ges mozgalmakat, az akkor m\u00e9g csak k\u00f6rvonalaz\u00f3d\u00f3 brexitet, majd pedig Donald Trump megv\u00e1laszt\u00e1s\u00e1t \u00e9s \u00e1ltal\u00e1ban v\u00e9ve a populizmus feler\u0151s\u00f6d\u00e9s\u00e9t l\u00e1tva Krasztev az EU minden eddigin\u00e9l s\u00falyosabb v\u00e1ls\u00e1g\u00e1ra k\u00f6vetkeztetett, s [&hellip;]<\/p>\n","protected":false},"featured_media":2267,"comment_status":"closed","ping_status":"open","template":"","meta":{"_acf_changed":false},"product_brand":[],"product_cat":[25],"product_tag":[],"class_list":{"0":"post-2266","1":"product","2":"type-product","3":"status-publish","4":"has-post-thumbnail","6":"product_cat-konyv","8":"first","9":"instock","10":"shipping-taxable","11":"purchasable","12":"product-type-simple"},"acf":[],"yoast_head":"<!-- This site is optimized with the Yoast SEO Premium plugin v27.4 (Yoast SEO v27.5) - https:\/\/yoast.com\/product\/yoast-seo-premium-wordpress\/ -->\n<title>Ivan Krasztev - Eur\u00f3pa ut\u00e1n - Scruton<\/title>\n<meta name=\"robots\" content=\"index, follow, max-snippet:-1, max-image-preview:large, max-video-preview:-1\" \/>\n<link rel=\"canonical\" href=\"https:\/\/scruton.hu\/en\/product\/ivan-krasztev-europa-utan\/\" \/>\n<meta property=\"og:locale\" content=\"en_GB\" \/>\n<meta property=\"og:type\" content=\"article\" \/>\n<meta property=\"og:title\" content=\"Ivan Krasztev - Eur\u00f3pa ut\u00e1n\" \/>\n<meta property=\"og:description\" content=\"2016-ban Ivan Krasztev bolg\u00e1r filoz\u00f3fus pap\u00edrra vetette k\u00e9telyeit Eur\u00f3pa j\u00f6v\u0151j\u00e9vel kapcsolatosan. A migr\u00e1ci\u00f3s v\u00e1ls\u00e1got \u00e9s az arra adott, megoszt\u00e1sr\u00f3l tan\u00faskod\u00f3 uni\u00f3s v\u00e1laszokat, az ennek k\u00f6vetkezt\u00e9ben feler\u0151s\u00f6d\u0151 sz\u00e9ls\u0151s\u00e9ges mozgalmakat, az akkor m\u00e9g csak k\u00f6rvonalaz\u00f3d\u00f3 brexitet, majd pedig Donald Trump megv\u00e1laszt\u00e1s\u00e1t \u00e9s \u00e1ltal\u00e1ban v\u00e9ve a populizmus feler\u0151s\u00f6d\u00e9s\u00e9t l\u00e1tva Krasztev az EU minden eddigin\u00e9l s\u00falyosabb v\u00e1ls\u00e1g\u00e1ra k\u00f6vetkeztetett, s [&hellip;]\" \/>\n<meta property=\"og:url\" content=\"https:\/\/scruton.hu\/en\/product\/ivan-krasztev-europa-utan\/\" \/>\n<meta property=\"og:site_name\" content=\"Scruton\" \/>\n<meta property=\"article:modified_time\" content=\"2025-09-03T12:24:06+00:00\" \/>\n<meta property=\"og:image\" content=\"https:\/\/scruton.hu\/wp-content\/uploads\/2025\/09\/mcc148-M0.jpg\" \/>\n\t<meta property=\"og:image:width\" content=\"900\" \/>\n\t<meta property=\"og:image:height\" content=\"900\" \/>\n\t<meta property=\"og:image:type\" content=\"image\/jpeg\" \/>\n<meta name=\"twitter:card\" content=\"summary_large_image\" \/>\n<meta name=\"twitter:label1\" content=\"Price\" \/>\n\t<meta name=\"twitter:data1\" content=\"3 450&nbsp;&#070;&#116;\" \/>\n\t<meta name=\"twitter:label2\" content=\"Availability\" \/>\n\t<meta name=\"twitter:data2\" content=\"In stock\" \/>\n<script type=\"application\/ld+json\" class=\"yoast-schema-graph\">{\"@context\":\"https:\\\/\\\/schema.org\",\"@graph\":[{\"@type\":\"WebPage\",\"@id\":\"https:\\\/\\\/scruton.hu\\\/en\\\/product\\\/ivan-krasztev-europa-utan\\\/\",\"url\":\"https:\\\/\\\/scruton.hu\\\/en\\\/product\\\/ivan-krasztev-europa-utan\\\/\",\"name\":\"Ivan Krasztev - Eur\u00f3pa ut\u00e1n - Scruton\",\"isPartOf\":{\"@id\":\"https:\\\/\\\/scruton.hu\\\/#website\"},\"primaryImageOfPage\":{\"@id\":\"https:\\\/\\\/scruton.hu\\\/en\\\/product\\\/ivan-krasztev-europa-utan\\\/#primaryimage\"},\"image\":{\"@id\":\"https:\\\/\\\/scruton.hu\\\/en\\\/product\\\/ivan-krasztev-europa-utan\\\/#primaryimage\"},\"thumbnailUrl\":\"https:\\\/\\\/scruton.hu\\\/wp-content\\\/uploads\\\/2025\\\/09\\\/mcc148-M0.jpg\",\"datePublished\":\"2023-11-17T07:21:53+00:00\",\"dateModified\":\"2025-09-03T12:24:06+00:00\",\"breadcrumb\":{\"@id\":\"https:\\\/\\\/scruton.hu\\\/en\\\/product\\\/ivan-krasztev-europa-utan\\\/#breadcrumb\"},\"inLanguage\":\"en-GB\",\"potentialAction\":[{\"@type\":\"ReadAction\",\"target\":[\"https:\\\/\\\/scruton.hu\\\/en\\\/product\\\/ivan-krasztev-europa-utan\\\/\"]}]},{\"@type\":\"ImageObject\",\"inLanguage\":\"en-GB\",\"@id\":\"https:\\\/\\\/scruton.hu\\\/en\\\/product\\\/ivan-krasztev-europa-utan\\\/#primaryimage\",\"url\":\"https:\\\/\\\/scruton.hu\\\/wp-content\\\/uploads\\\/2025\\\/09\\\/mcc148-M0.jpg\",\"contentUrl\":\"https:\\\/\\\/scruton.hu\\\/wp-content\\\/uploads\\\/2025\\\/09\\\/mcc148-M0.jpg\",\"width\":900,\"height\":900},{\"@type\":\"BreadcrumbList\",\"@id\":\"https:\\\/\\\/scruton.hu\\\/en\\\/product\\\/ivan-krasztev-europa-utan\\\/#breadcrumb\",\"itemListElement\":[{\"@type\":\"ListItem\",\"position\":1,\"name\":\"Kezd\u0151lap\",\"item\":\"https:\\\/\\\/scruton.hu\\\/\"},{\"@type\":\"ListItem\",\"position\":2,\"name\":\"Shop\",\"item\":\"https:\\\/\\\/scruton.hu\\\/en\\\/uzlet\\\/\"},{\"@type\":\"ListItem\",\"position\":3,\"name\":\"Ivan Krasztev &#8211; Eur\u00f3pa ut\u00e1n\"}]},{\"@type\":\"WebSite\",\"@id\":\"https:\\\/\\\/scruton.hu\\\/#website\",\"url\":\"https:\\\/\\\/scruton.hu\\\/\",\"name\":\"Scruton\",\"description\":\"Az \u00e9rt\u00e9kteremt\u00e9s helye\",\"publisher\":{\"@id\":\"https:\\\/\\\/scruton.hu\\\/#organization\"},\"potentialAction\":[{\"@type\":\"SearchAction\",\"target\":{\"@type\":\"EntryPoint\",\"urlTemplate\":\"https:\\\/\\\/scruton.hu\\\/?s={search_term_string}\"},\"query-input\":{\"@type\":\"PropertyValueSpecification\",\"valueRequired\":true,\"valueName\":\"search_term_string\"}}],\"inLanguage\":\"en-GB\"},{\"@type\":\"Organization\",\"@id\":\"https:\\\/\\\/scruton.hu\\\/#organization\",\"name\":\"Scruton\",\"url\":\"https:\\\/\\\/scruton.hu\\\/\",\"logo\":{\"@type\":\"ImageObject\",\"inLanguage\":\"en-GB\",\"@id\":\"https:\\\/\\\/scruton.hu\\\/#\\\/schema\\\/logo\\\/image\\\/\",\"url\":\"https:\\\/\\\/scruton.hu\\\/wp-content\\\/uploads\\\/2025\\\/07\\\/scruton_feher.png\",\"contentUrl\":\"https:\\\/\\\/scruton.hu\\\/wp-content\\\/uploads\\\/2025\\\/07\\\/scruton_feher.png\",\"width\":500,\"height\":74,\"caption\":\"Scruton\"},\"image\":{\"@id\":\"https:\\\/\\\/scruton.hu\\\/#\\\/schema\\\/logo\\\/image\\\/\"}}]}<\/script>\n<meta property=\"product:price:amount\" content=\"3450\" \/>\n<meta property=\"product:price:currency\" content=\"HUF\" \/>\n<meta property=\"og:availability\" content=\"instock\" \/>\n<meta property=\"product:availability\" content=\"instock\" \/>\n<meta property=\"product:condition\" content=\"new\" \/>\n<!-- \/ Yoast SEO Premium plugin. -->","yoast_head_json":{"title":"Ivan Krasztev - Eur\u00f3pa ut\u00e1n - Scruton","robots":{"index":"index","follow":"follow","max-snippet":"max-snippet:-1","max-image-preview":"max-image-preview:large","max-video-preview":"max-video-preview:-1"},"canonical":"https:\/\/scruton.hu\/en\/product\/ivan-krasztev-europa-utan\/","og_locale":"en_GB","og_type":"article","og_title":"Ivan Krasztev - Eur\u00f3pa ut\u00e1n","og_description":"2016-ban Ivan Krasztev bolg\u00e1r filoz\u00f3fus pap\u00edrra vetette k\u00e9telyeit Eur\u00f3pa j\u00f6v\u0151j\u00e9vel kapcsolatosan. A migr\u00e1ci\u00f3s v\u00e1ls\u00e1got \u00e9s az arra adott, megoszt\u00e1sr\u00f3l tan\u00faskod\u00f3 uni\u00f3s v\u00e1laszokat, az ennek k\u00f6vetkezt\u00e9ben feler\u0151s\u00f6d\u0151 sz\u00e9ls\u0151s\u00e9ges mozgalmakat, az akkor m\u00e9g csak k\u00f6rvonalaz\u00f3d\u00f3 brexitet, majd pedig Donald Trump megv\u00e1laszt\u00e1s\u00e1t \u00e9s \u00e1ltal\u00e1ban v\u00e9ve a populizmus feler\u0151s\u00f6d\u00e9s\u00e9t l\u00e1tva Krasztev az EU minden eddigin\u00e9l s\u00falyosabb v\u00e1ls\u00e1g\u00e1ra k\u00f6vetkeztetett, s [&hellip;]","og_url":"https:\/\/scruton.hu\/en\/product\/ivan-krasztev-europa-utan\/","og_site_name":"Scruton","article_modified_time":"2025-09-03T12:24:06+00:00","og_image":[{"width":900,"height":900,"url":"https:\/\/scruton.hu\/wp-content\/uploads\/2025\/09\/mcc148-M0.jpg","type":"image\/jpeg"}],"twitter_card":"summary_large_image","twitter_misc":{"Price":"3 450&nbsp;&#70;&#116;","Availability":"In stock"},"schema":{"@context":"https:\/\/schema.org","@graph":[{"@type":"WebPage","@id":"https:\/\/scruton.hu\/en\/product\/ivan-krasztev-europa-utan\/","url":"https:\/\/scruton.hu\/en\/product\/ivan-krasztev-europa-utan\/","name":"Ivan Krasztev - Eur\u00f3pa ut\u00e1n - Scruton","isPartOf":{"@id":"https:\/\/scruton.hu\/#website"},"primaryImageOfPage":{"@id":"https:\/\/scruton.hu\/en\/product\/ivan-krasztev-europa-utan\/#primaryimage"},"image":{"@id":"https:\/\/scruton.hu\/en\/product\/ivan-krasztev-europa-utan\/#primaryimage"},"thumbnailUrl":"https:\/\/scruton.hu\/wp-content\/uploads\/2025\/09\/mcc148-M0.jpg","datePublished":"2023-11-17T07:21:53+00:00","dateModified":"2025-09-03T12:24:06+00:00","breadcrumb":{"@id":"https:\/\/scruton.hu\/en\/product\/ivan-krasztev-europa-utan\/#breadcrumb"},"inLanguage":"en-GB","potentialAction":[{"@type":"ReadAction","target":["https:\/\/scruton.hu\/en\/product\/ivan-krasztev-europa-utan\/"]}]},{"@type":"ImageObject","inLanguage":"en-GB","@id":"https:\/\/scruton.hu\/en\/product\/ivan-krasztev-europa-utan\/#primaryimage","url":"https:\/\/scruton.hu\/wp-content\/uploads\/2025\/09\/mcc148-M0.jpg","contentUrl":"https:\/\/scruton.hu\/wp-content\/uploads\/2025\/09\/mcc148-M0.jpg","width":900,"height":900},{"@type":"BreadcrumbList","@id":"https:\/\/scruton.hu\/en\/product\/ivan-krasztev-europa-utan\/#breadcrumb","itemListElement":[{"@type":"ListItem","position":1,"name":"Kezd\u0151lap","item":"https:\/\/scruton.hu\/"},{"@type":"ListItem","position":2,"name":"Shop","item":"https:\/\/scruton.hu\/en\/uzlet\/"},{"@type":"ListItem","position":3,"name":"Ivan Krasztev &#8211; Eur\u00f3pa ut\u00e1n"}]},{"@type":"WebSite","@id":"https:\/\/scruton.hu\/#website","url":"https:\/\/scruton.hu\/","name":"Scruton","description":"The place of value creation","publisher":{"@id":"https:\/\/scruton.hu\/#organization"},"potentialAction":[{"@type":"SearchAction","target":{"@type":"EntryPoint","urlTemplate":"https:\/\/scruton.hu\/?s={search_term_string}"},"query-input":{"@type":"PropertyValueSpecification","valueRequired":true,"valueName":"search_term_string"}}],"inLanguage":"en-GB"},{"@type":"Organization","@id":"https:\/\/scruton.hu\/#organization","name":"Scruton","url":"https:\/\/scruton.hu\/","logo":{"@type":"ImageObject","inLanguage":"en-GB","@id":"https:\/\/scruton.hu\/#\/schema\/logo\/image\/","url":"https:\/\/scruton.hu\/wp-content\/uploads\/2025\/07\/scruton_feher.png","contentUrl":"https:\/\/scruton.hu\/wp-content\/uploads\/2025\/07\/scruton_feher.png","width":500,"height":74,"caption":"Scruton"},"image":{"@id":"https:\/\/scruton.hu\/#\/schema\/logo\/image\/"}}]},"product_price_amount":"3450","product_price_currency":"HUF","og_availability":"instock","product_availability":"instock","product_condition":"new"},"_links":{"self":[{"href":"https:\/\/scruton.hu\/en\/wp-json\/wp\/v2\/product\/2266","targetHints":{"allow":["GET"]}}],"collection":[{"href":"https:\/\/scruton.hu\/en\/wp-json\/wp\/v2\/product"}],"about":[{"href":"https:\/\/scruton.hu\/en\/wp-json\/wp\/v2\/types\/product"}],"replies":[{"embeddable":true,"href":"https:\/\/scruton.hu\/en\/wp-json\/wp\/v2\/comments?post=2266"}],"wp:featuredmedia":[{"embeddable":true,"href":"https:\/\/scruton.hu\/en\/wp-json\/wp\/v2\/media\/2267"}],"wp:attachment":[{"href":"https:\/\/scruton.hu\/en\/wp-json\/wp\/v2\/media?parent=2266"}],"wp:term":[{"taxonomy":"product_brand","embeddable":true,"href":"https:\/\/scruton.hu\/en\/wp-json\/wp\/v2\/product_brand?post=2266"},{"taxonomy":"product_cat","embeddable":true,"href":"https:\/\/scruton.hu\/en\/wp-json\/wp\/v2\/product_cat?post=2266"},{"taxonomy":"product_tag","embeddable":true,"href":"https:\/\/scruton.hu\/en\/wp-json\/wp\/v2\/product_tag?post=2266"}],"curies":[{"name":"wp","href":"https:\/\/api.w.org\/{rel}","templated":true}]}}